{"id":319,"date":"2016-11-21T17:56:56","date_gmt":"2016-11-21T16:56:56","guid":{"rendered":"http:\/\/www.amap-brugeslebouscat.fr\/?page_id=319"},"modified":"2026-02-10T19:08:46","modified_gmt":"2026-02-10T18:08:46","slug":"nos-producteurs","status":"publish","type":"page","link":"http:\/\/www.amap-brugeslebouscat.fr\/?page_id=319","title":{"rendered":"Producteurs\u00b7rices"},"content":{"rendered":"<p style=\"text-align: center;\"><strong>Si un produit vous int\u00e9resse, contactez le\/la coordinateur-rice sur la page d\u00e9di\u00e9e<\/strong><\/p>\n<p><strong><u>Fruits et l\u00e9gumes<\/u><\/strong><strong>\u00a0:<\/strong><\/p>\n<ul>\n<li><strong>L\u00e9gumes :\u00a0<\/strong><strong><span style=\"color: #000000;\">Aurore et Philippe Sournac<\/span><\/strong> \u00e0 Eysines (33) <a href=\"http:\/\/www.amap-brugeslebouscat.fr\/wp-content\/uploads\/2025\/09\/jardin-septembre-2025.pdf\" target=\"_blank\" rel=\"noopener\">Infos septembre 2025<\/a> \/ <a href=\"http:\/\/www.amap-brugeslebouscat.fr\/wp-content\/uploads\/2026\/02\/jardin-fevrier-2026.pdf\" target=\"_blank\" rel=\"noopener\">infos f\u00e9vrier 2026<\/a> \/ <a href=\"https:\/\/le-jardin-de-quentin.fr\/\" target=\"_blank\" rel=\"noopener\">https:\/\/le-jardin-de-quentin.fr\/<\/a><\/li>\n<li><strong>Pommes et jus de pommes (voir fiche infos <a href=\"http:\/\/www.amap-brugeslebouscat.fr\/wp-content\/uploads\/2024\/10\/Fiche-infos-pommes-V2.pdf\" target=\"_blank\" rel=\"noopener\">ICI<\/a>) <\/strong><a href=\"http:\/\/www.amap-brugeslebouscat.fr\/wp-content\/uploads\/2025\/01\/explications-plantation-noisetier.pdf\" target=\"_blank\" rel=\"noopener\">noisetiers<\/a><strong> : <span style=\"color: #000000;\">Lucas et Axel Dupebe<\/span><\/strong>, <a href=\"https:\/\/www.lescoteauxdeboutau.fr\/pommes-bio\" target=\"_blank\" rel=\"noopener\">SCEA Coteaux de Boutau<\/a> \u00e0 Les Esseintes (33)<\/li>\n<li><strong>Kiwis \u2013 jus de kiwis\/pommes (voir fiche infos <a href=\"http:\/\/www.amap-brugeslebouscat.fr\/wp-content\/uploads\/2025\/11\/fiche-AMAP-kiwis.pdf\" target=\"_blank\" rel=\"noopener\">ICI<\/a>) : <span style=\"color: #000000;\">Marie et Laurent Brunel<\/span><\/strong>, <a href=\"https:\/\/www.lafermedes2rivieres.fr\/\" target=\"_blank\" rel=\"noopener\">La Ferme des 2 Rivi\u00e8res<\/a> \u00e0 Barie (33)<\/li>\n<li><strong>P\u00eaches, brugnons\u00a0:<\/strong> <span style=\"color: #000000;\"><strong>Marielle Sage<\/strong><\/span> \u00e0 Loubens (33)<\/li>\n<li><strong>Champignons :<\/strong> <span style=\"color: #000000;\"><strong>Laurent Disson<\/strong><\/span>, Lo Champi Bio <a href=\"https:\/\/www.facebook.com\/lochampibio\/\">https:\/\/www.facebook.com\/lochampibio\/<\/a><\/li>\n<li><strong>Asperges<\/strong> : <span style=\"color: #000000;\"><strong>Claire Arino<\/strong><\/span>, Les Asperges de Claire \u00bb, EARL de la Vergn\u00e9e \u00e0 St Christoly de Blaye (33)<\/li>\n<\/ul>\n<p><strong><u>\u0152ufs, fromages, laitages<\/u><\/strong><strong>\u00a0: <\/strong><\/p>\n<ul>\n<li><strong>\u0152ufs :<\/strong> <span style=\"color: #000000;\"><strong>Elodie Molina,<\/strong><\/span> la Bioferme \u00e0 St Aubin de M\u00e9doc (33) <a href=\"https:\/\/www.facebook.com\/FermeBioSaintAubin\">https:\/\/www.facebook.com\/FermeBioSaintAubin<\/a><\/li>\n<li><strong>Fromage et laitages de brebis\u00a0et de ch\u00e8vre :<\/strong> <span style=\"color: #000000;\"><strong>Delphine et Julien Sarres<\/strong><\/span> \u00e0 Blanquefort (33) <a href=\"https:\/\/www.leguidedufromage.com\/julien-berger-eleveur-brebis-basco-bearnaises-blanquefort-x3o2986.html\">https:\/\/www.leguidedufromage.com\/julien-berger-eleveur-brebis-basco-bearnaises-blanquefort-x3o2986.html<\/a><\/li>\n<\/ul>\n<p><strong><u>Poisson, viande<\/u><\/strong><strong>\u00a0: <\/strong><\/p>\n<ul>\n<li><strong>Poisson :\u00a0<span style=\"color: #000000;\">Olivier Argelas<\/span><\/strong>, p\u00eacheur au Cap Ferret (33) <a href=\"http:\/\/www.equal-it.fr\/lacabaneblanche\/\">http:\/\/www.equal-it.fr\/lacabaneblanche\/<\/a><\/li>\n<li><strong>Volailles (poulet &amp; pintade) : <span style=\"color: #000000;\">Laurence et Mathieu Odot<\/span><\/strong>, La Ferme du Petit Mondain \u00e0 St Aigulin (17) <a href=\"https:\/\/www.facebook.com\/lafermedupetitmondain\/\">https:\/\/www.facebook.com\/lafermedupetitmondain\/<\/a><\/li>\n<li><strong>Agneau (voir fiche infos <a href=\"http:\/\/www.amap-brugeslebouscat.fr\/wp-content\/uploads\/2024\/11\/Amap-producteur-agneaux.pdf\" target=\"_blank\" rel=\"noopener\">ICI<\/a>) :<\/strong> <span style=\"color: #000000;\"><strong>Pascal Sancier<\/strong><\/span>, La Ferme du Paillot \u00e0 Saint Antoine sur l\u2019Isle (33) <a href=\"https:\/\/www.facebook.com\/pascalsancier33\/\" target=\"_blank\" rel=\"noopener\">https:\/\/www.facebook.com\/pascalsancier33\/<\/a><\/li>\n<li><strong>Veau, porc et b\u0153uf, et produits d\u00e9riv\u00e9s (lentilles, noix, boudin, merguez\u2026) : <span style=\"color: #000000;\">Jules Charmoy<\/span><\/strong>, La Ferme des Charmes \u00e0 St Aquilin (24) <a href=\"http:\/\/www.amap-brugeslebouscat.fr\/wp-content\/uploads\/2025\/09\/Ferme-des-Charmes_Detail-colis-viande.pdf\" target=\"_blank\" rel=\"noopener\">Composition d&rsquo;un colis de viande<\/a> \/ <a href=\"https:\/\/www.gaec-des-charmes.com\/\">https:\/\/www.gaec-des-charmes.com\/<\/a><\/li>\n<\/ul>\n<p><strong><u>Divers<\/u><\/strong><strong>\u00a0: <\/strong><\/p>\n<ul>\n<li><strong>Miel : <span style=\"color: #000000;\">C\u00e9cile Iorio<\/span><\/strong>, Le Rucher des Six Reines \u00e0 Montignac de Lauzun (47)<\/li>\n<li><strong>Vin\u00a0:<\/strong> <span style=\"color: #000000;\"><strong>Sylvie Milhard<\/strong><\/span>, ch\u00e2teau Vieux Mougnac \u00e0 St Emilion (33) <a href=\"https:\/\/www.vieuxmougnac.com\/\">https:\/\/www.vieuxmougnac.com\/<\/a><\/li>\n<li><strong>Bi\u00e8res, limonades, sodas (Mascaret de No\u00ebl 2025 <a href=\"http:\/\/www.amap-brugeslebouscat.fr\/wp-content\/uploads\/2025\/11\/Mascaret-de-Noel-2025-AMAPV2.pdf\" target=\"_blank\" rel=\"noopener\">ICI<\/a>) :<\/strong> <span style=\"color: #000000;\"><strong>Fabrice Rivi\u00e8re<\/strong><\/span>, Brasserie du Mascaret au Bouscat (33) <a href=\"https:\/\/www.bieremascaret.com\">https:\/\/www.bieremascaret.com <\/a><\/li>\n<li><strong>Tisanes, aromates, sirops :<\/strong> <span style=\"color: #000000;\"><strong>Vanessa Vital<\/strong><\/span>, Le jardin Ti\u2019Zen au Taillan (33), <a href=\"http:\/\/lejardintizen.fr\" target=\"_blank\" rel=\"noopener\">lejardintizen.fr<\/a> , ses conseils de d\u00e9gustation <a href=\"http:\/\/www.amap-brugeslebouscat.fr\/wp-content\/uploads\/2025\/02\/Conseils-tisanes-et-aromates-bio-Le-Jardin-TiZen-fev25.pdf\" target=\"_blank\" rel=\"noopener\"><strong>ICI<\/strong> <\/a>son facebook <a href=\"https:\/\/www.facebook.com\/lejardintizen\/\" target=\"_blank\" rel=\"noopener\"><strong>ICI<\/strong> <\/a>,sa pr\u00e9sentation <a href=\"http:\/\/www.amap-brugeslebouscat.fr\/wp-content\/uploads\/2025\/02\/lejardintizen-presentation-fev-25.pdf\" target=\"_blank\" rel=\"noopener\"><strong>ICI , <\/strong><\/a>les coffrets cadeaux <a href=\"http:\/\/www.amap-brugeslebouscat.fr\/wp-content\/uploads\/2025\/11\/Le-jardin-Tzen-coffrets-cadeauxV2.pdf\" target=\"_blank\" rel=\"noopener\"><strong>ICI<\/strong><\/a><\/li>\n<li><strong>Confitures\u00a0:<\/strong> <span style=\"color: #000000;\"><strong><a style=\"color: #000000;\" href=\"https:\/\/www.facebook.com\/Echangenordsud33\/\" target=\"_blank\" rel=\"noopener\">Association \u00c9change nord-sud<\/a><\/strong><\/span> \u00e0 Blanquefort (33)<\/li>\n<li><strong>Pain <\/strong>: <span style=\"color: #000000;\"><strong><a style=\"color: #000000;\" href=\"https:\/\/www.facebook.com\/boulangeriedequartierlebouscat\/\" target=\"_blank\" rel=\"noopener\">La Boulangerie de Quartier<\/a><\/strong><\/span> au Bouscat &#8211; Carte Pizza <strong><a href=\"http:\/\/www.amap-brugeslebouscat.fr\/wp-content\/uploads\/2025\/11\/CARTE-PIZZA.pdf\" target=\"_blank\" rel=\"noopener\">ICI<\/a><\/strong><\/li>\n<\/ul>\n\n\n<p><\/p>\n","protected":false},"excerpt":{"rendered":"<p>Si un produit vous int\u00e9resse, contactez le\/la coordinateur-rice sur la page d\u00e9di\u00e9e Fruits et l\u00e9gumes\u00a0: L\u00e9gumes :\u00a0Aurore et Philippe Sournac \u00e0 Eysines (33) Infos septembre 2025 \/ infos f\u00e9vrier 2026 \/ https:\/\/le-jardin-de-quentin.fr\/ Pommes et jus de pommes (voir fiche infos ICI) noisetiers : Lucas et Axel Dupebe, SCEA Coteaux de Boutau \u00e0 Les Esseintes (33) [&hellip;]<\/p>\n","protected":false},"author":2,"featured_media":0,"parent":0,"menu_order":4,"comment_status":"closed","ping_status":"closed","template":"","meta":{"_monsterinsights_skip_tracking":false,"_monsterinsights_sitenote_active":false,"_monsterinsights_sitenote_note":"","_monsterinsights_sitenote_category":0,"footnotes":""},"_links":{"self":[{"href":"http:\/\/www.amap-brugeslebouscat.fr\/index.php?rest_route=\/wp\/v2\/pages\/319"}],"collection":[{"href":"http:\/\/www.amap-brugeslebouscat.fr\/index.php?rest_route=\/wp\/v2\/pages"}],"about":[{"href":"http:\/\/www.amap-brugeslebouscat.fr\/index.php?rest_route=\/wp\/v2\/types\/page"}],"author":[{"embeddable":true,"href":"http:\/\/www.amap-brugeslebouscat.fr\/index.php?rest_route=\/wp\/v2\/users\/2"}],"replies":[{"embeddable":true,"href":"http:\/\/www.amap-brugeslebouscat.fr\/index.php?rest_route=%2Fwp%2Fv2%2Fcomments&post=319"}],"version-history":[{"count":74,"href":"http:\/\/www.amap-brugeslebouscat.fr\/index.php?rest_route=\/wp\/v2\/pages\/319\/revisions"}],"predecessor-version":[{"id":1111,"href":"http:\/\/www.amap-brugeslebouscat.fr\/index.php?rest_route=\/wp\/v2\/pages\/319\/revisions\/1111"}],"wp:attachment":[{"href":"http:\/\/www.amap-brugeslebouscat.fr\/index.php?rest_route=%2Fwp%2Fv2%2Fmedia&parent=319"}],"curies":[{"name":"wp","href":"https:\/\/api.w.org\/{rel}","templated":true}]}}