{"id":468,"date":"2021-09-10T17:13:59","date_gmt":"2021-09-10T16:13:59","guid":{"rendered":"http:\/\/www.amap-brugeslebouscat.fr\/?page_id=468"},"modified":"2026-01-10T19:21:29","modified_gmt":"2026-01-10T18:21:29","slug":"saison-2021-2022","status":"publish","type":"page","link":"http:\/\/www.amap-brugeslebouscat.fr\/?page_id=468","title":{"rendered":"Saison 2025-2026 \/ Adh\u00e9sion"},"content":{"rendered":"<p>Pour les nouveaux venus, vous pouvez \u00e9crire \u00e0 amapbrugeslebouscat@gmail.com pour recevoir des infos et venir nous voir un lundi lors d\u2019une distribution.<br \/>\n<strong><a href=\"http:\/\/www.amap-brugeslebouscat.fr\/wp-content\/uploads\/2025\/07\/bulletin-adhesion-2025-2026-1.pdf\" target=\"_blank\" rel=\"noopener\">L\u2019adh\u00e9sion<\/a><\/strong> (septembre 2025 \u00e0 septembre 2026) est \u00e0 remettre un lundi soir \u00e0 un des membres du bureau (voir composition du bureau dans l&rsquo;onglet articles). Possibilit\u00e9 de r\u00e9gler votre adh\u00e9sion par virement via Helloasso en cliquant <strong><a href=\"https:\/\/www.helloasso.com\/associations\/amap-de-la-terre-a-l-assiette\/adhesions\/bulletin-d-adhesion\" target=\"_blank\" rel=\"noopener\">ICI<\/a><\/strong>.<\/p>\n<p>En adh\u00e9rant, vous vous engagez \u00e0 <strong>participer \u00e0 la vie de l\u2019association en aidant \u00e0 la distribution<\/strong>, ou si vous le souhaitez en devenant coordinateur. En effet, l&rsquo;association \u00e9tant g\u00e9r\u00e9e par des b\u00e9n\u00e9voles, nous avons besoin de vous.<\/p>\n<p>Le moment phare dans la vie d\u2019une association est l\u2019Assembl\u00e9e G\u00e9n\u00e9rale, \u00e0 laquelle vous \u00eates convi\u00e9s chaque ann\u00e9e. Infos en allant sur l&rsquo;onglet \u00ab\u00a0articles\u00a0\u00bb.<\/p>\n<p>Surveillez r\u00e9guli\u00e8rement vos mails ainsi qu\u2019AMAPJ pour les renouvellements des contrats et commandes group\u00e9es.<\/p>\n<p>Des infos sont aussi diffus\u00e9es via la <a href=\"https:\/\/chat.whatsapp.com\/G1fihWIOe7l6rDj08lq7DN?mode=wwt\" target=\"_blank\" rel=\"noopener\">communaut\u00e9 WhatsApp de notre AMAP<\/a>, vous choisissez vous-m\u00eame quel(s) groupes(s) vous souhaitez rejoindre. Pour ne pas crouler sous les \ud83d\udc93, \ud83d\udc4det autre \u00ab\u00a0<em>bien re\u00e7u\u00a0\u00bb<\/em>&#8230;\ud83d\ude09, seuls les groupes \u00ab\u00a0\u00e9changeons nos recettes\u00a0\u00bb et \u00ab\u00a0SOS\u00a0\u00bb permettent d&rsquo;\u00e9changer.<\/p>\n","protected":false},"excerpt":{"rendered":"<p>Pour les nouveaux venus, vous pouvez \u00e9crire \u00e0 amapbrugeslebouscat@gmail.com pour recevoir des infos et venir nous voir un lundi lors d\u2019une distribution. L\u2019adh\u00e9sion (septembre 2025 \u00e0 septembre 2026) est \u00e0 remettre un lundi soir \u00e0 un des membres du bureau (voir composition du bureau dans l&rsquo;onglet articles). Possibilit\u00e9 de r\u00e9gler votre adh\u00e9sion par virement via [&hellip;]<\/p>\n","protected":false},"author":2,"featured_media":0,"parent":0,"menu_order":1,"comment_status":"closed","ping_status":"closed","template":"","meta":{"_monsterinsights_skip_tracking":false,"_monsterinsights_sitenote_active":false,"_monsterinsights_sitenote_note":"","_monsterinsights_sitenote_category":0,"footnotes":""},"_links":{"self":[{"href":"http:\/\/www.amap-brugeslebouscat.fr\/index.php?rest_route=\/wp\/v2\/pages\/468"}],"collection":[{"href":"http:\/\/www.amap-brugeslebouscat.fr\/index.php?rest_route=\/wp\/v2\/pages"}],"about":[{"href":"http:\/\/www.amap-brugeslebouscat.fr\/index.php?rest_route=\/wp\/v2\/types\/page"}],"author":[{"embeddable":true,"href":"http:\/\/www.amap-brugeslebouscat.fr\/index.php?rest_route=\/wp\/v2\/users\/2"}],"replies":[{"embeddable":true,"href":"http:\/\/www.amap-brugeslebouscat.fr\/index.php?rest_route=%2Fwp%2Fv2%2Fcomments&post=468"}],"version-history":[{"count":42,"href":"http:\/\/www.amap-brugeslebouscat.fr\/index.php?rest_route=\/wp\/v2\/pages\/468\/revisions"}],"predecessor-version":[{"id":1106,"href":"http:\/\/www.amap-brugeslebouscat.fr\/index.php?rest_route=\/wp\/v2\/pages\/468\/revisions\/1106"}],"wp:attachment":[{"href":"http:\/\/www.amap-brugeslebouscat.fr\/index.php?rest_route=%2Fwp%2Fv2%2Fmedia&parent=468"}],"curies":[{"name":"wp","href":"https:\/\/api.w.org\/{rel}","templated":true}]}}